{"id":364,"date":"2024-03-09T10:01:18","date_gmt":"2024-03-09T10:01:18","guid":{"rendered":"https:\/\/wal-wueste-berg.de\/?page_id=364"},"modified":"2024-03-09T10:04:31","modified_gmt":"2024-03-09T10:04:31","slug":"pilgern-2023","status":"publish","type":"page","link":"https:\/\/wal-wueste-berg.de\/?page_id=364","title":{"rendered":"Pilgern 2023"},"content":{"rendered":"\n<p>Liebe Pilgerfreunde,<\/p>\n\n\n\n<p>ich hoffe ihr hattet einen sch\u00f6nen Sommer und konntet vielleicht sogar auf Pilgerwegen unterwegs sein. Ich selbst habe den Franziskusweg in Italien vollendet und bin nach ca. 650 Kilometern in Rom angekommen. Es war ziemlich herausfordernd, weil hei\u00df und bergig, aber ich habe es geschafft und damit nach Santiago de Compostela nun das zweite gro\u00dfe Pilgerziel in Europa erreicht. Die Landschaften der Toskana und Umbriens waren Entsch\u00e4digung f\u00fcr so manches \u00c4chzen und St\u00f6hnen bei 40 Grad Hitze.<\/p>\n\n\n\n<p>Einige von euch sind in diesem Jahr allein weiter gegangen und haben dabei teilweise l\u00e4ngere Strecken bew\u00e4ltigt, wie ich h\u00f6rte &#8211; meinen herzlichen Gl\u00fcckwunsch dazu! Die Erfahrung des Pilgerns im Ausland zeigt mir immer wieder, was f\u00fcr einen Schatz wir mit dem \u00d6kumenischen Pilgerweg doch vor der Haust\u00fcr haben. Den sollten wir nutzen.<\/p>\n\n\n\n<p>Hier stehen die Termine f\u00fcr die gef\u00fchrten Pilgertouren 2024:<\/p>\n\n\n\n<p><a href=\"http:\/\/www.barth-fotografie.de\/index.php\/termine\" target=\"_blank\" rel=\"noreferrer noopener\">http:\/\/www.barth-fotografie.de\/index.php\/termine<\/a><\/p>\n\n\n\n<p>Wer Lust auf einen Vortrag \u00fcber meinen Pilgerweg in Wetdeutschland hat, der ist herzlich zu zwei Veranstaltungen eingeladen. Am 13.09. in der Kirche Pau\u00dfnitz und am 25.10.2023 in der Kirche Lonnewitz erz\u00e4hle ich \u00fcber dieses Abenteuer, bei dem ich 700 Kilometer durch die alten Bundesl\u00e4nder gepilgert bin. Der Eintritt ist \u00fcbrigens frei, das ist ja heute selten!<\/p>\n\n\n\n<p>Nicht zuletzt m\u00f6chte ich auf eine weitere Veranstaltung aufmerksam machen, die am 10.09.2023 auf dem Liebsch\u00fctzberg direkt am Pilgerweg stattfindet: Das Wanderkino kommt! Tobias Rank und seine Begleiterin Izabela Kaldunska werden in hoffentlich noch sommerlicher Atmosph\u00e4re alte Stummfilme von Charlie Chaplin &amp; Co. zeigen und dazu live auf Geige und Klavier spielen. Wenn die 16 mm-Filmrolle rattert, wird das Gef\u00fchl von Landkino in den 1950er Jahren aufkommen. Ein seltenes Sommerevent f\u00fcr Jung und Alt, also sichert euch am besten bald Tickets (u.a. bei mir erh\u00e4ltlich)! Kleiner Spoiler: An diesem Abend wird dort auch ein neues Kunstwerk eingeweiht, das etwas mit Pilgern zu tun hat. Lasst euch \u00fcberraschen! Weitere Infos zum Wanderkino hier:<\/p>\n\n\n\n<p><a href=\"http:\/\/www.der-liebschuetzberg.de\/\" target=\"_blank\" rel=\"noreferrer noopener\">http:\/\/www.der-liebschuetzberg.de\/<\/a><\/p>\n\n\n\n<p>In der Hoffnung, dass ihr alle gesund und munter seid, gr\u00fc\u00dfe ich euch mit einem herzlichen &#8222;Buen Camino&#8220;!<\/p>\n\n\n\n<p>Thomas<\/p>\n\n\n\n<p>&#8212;<br>THOMAS BARTH<br>Fotograf &amp; Freier Journalist<br>Neuer Weg 4, 04758 Cavertitz OT Treptitz<br>Tel. 0049 +(0)34363-50675<br>Mobil 0049 +(0)163-6343995<br><a href=\"https:\/\/posteo.de\/webmail\/?_task=mail&amp;_action=preview&amp;_uid=7736&amp;_mbox=INBOX&amp;_framed=1&amp;_caps=pdf%3D1%2Cflash%3D0%2Ctif%3D0#NOP\">E-Mail:look@barth-fotografie.de<\/a><br>Internet:&nbsp;<a rel=\"noreferrer noopener\" href=\"http:\/\/www.barth-fotografie.de\/\" target=\"_blank\">http:\/\/www.barth-fotografie.de<\/a><br>TERMINE NACH VEREINBARUNG<\/p>\n\n\n\n<figure class=\"wp-block-image size-large\"><img loading=\"lazy\" decoding=\"async\" width=\"728\" height=\"1024\" src=\"https:\/\/wal-wueste-berg.de\/wp-content\/uploads\/2023\/08\/Vortrag_Paussnitz_800px-728x1024.jpg\" alt=\"\" class=\"wp-image-297\" srcset=\"https:\/\/wal-wueste-berg.de\/wp-content\/uploads\/2023\/08\/Vortrag_Paussnitz_800px-728x1024.jpg 728w, https:\/\/wal-wueste-berg.de\/wp-content\/uploads\/2023\/08\/Vortrag_Paussnitz_800px-213x300.jpg 213w, https:\/\/wal-wueste-berg.de\/wp-content\/uploads\/2023\/08\/Vortrag_Paussnitz_800px-768x1080.jpg 768w, https:\/\/wal-wueste-berg.de\/wp-content\/uploads\/2023\/08\/Vortrag_Paussnitz_800px-300x422.jpg 300w, https:\/\/wal-wueste-berg.de\/wp-content\/uploads\/2023\/08\/Vortrag_Paussnitz_800px.jpg 800w\" sizes=\"auto, (max-width: 728px) 100vw, 728px\" \/><\/figure>\n\n\n\n<figure class=\"wp-block-image size-large\"><img loading=\"lazy\" decoding=\"async\" width=\"728\" height=\"1024\" src=\"https:\/\/wal-wueste-berg.de\/wp-content\/uploads\/2023\/08\/Vortrag_Lonnewitz_800px-728x1024.jpg\" alt=\"\" class=\"wp-image-298\" srcset=\"https:\/\/wal-wueste-berg.de\/wp-content\/uploads\/2023\/08\/Vortrag_Lonnewitz_800px-728x1024.jpg 728w, https:\/\/wal-wueste-berg.de\/wp-content\/uploads\/2023\/08\/Vortrag_Lonnewitz_800px-213x300.jpg 213w, https:\/\/wal-wueste-berg.de\/wp-content\/uploads\/2023\/08\/Vortrag_Lonnewitz_800px-768x1080.jpg 768w, https:\/\/wal-wueste-berg.de\/wp-content\/uploads\/2023\/08\/Vortrag_Lonnewitz_800px-300x422.jpg 300w, https:\/\/wal-wueste-berg.de\/wp-content\/uploads\/2023\/08\/Vortrag_Lonnewitz_800px.jpg 800w\" sizes=\"auto, (max-width: 728px) 100vw, 728px\" \/><\/figure>\n\n\n\n<figure class=\"wp-block-image size-large\"><img loading=\"lazy\" decoding=\"async\" width=\"722\" height=\"1024\" src=\"https:\/\/wal-wueste-berg.de\/wp-content\/uploads\/2023\/08\/Wanderkino-Plakat_web-722x1024.jpg\" alt=\"\" class=\"wp-image-299\" srcset=\"https:\/\/wal-wueste-berg.de\/wp-content\/uploads\/2023\/08\/Wanderkino-Plakat_web-722x1024.jpg 722w, https:\/\/wal-wueste-berg.de\/wp-content\/uploads\/2023\/08\/Wanderkino-Plakat_web-211x300.jpg 211w, https:\/\/wal-wueste-berg.de\/wp-content\/uploads\/2023\/08\/Wanderkino-Plakat_web-768x1090.jpg 768w, https:\/\/wal-wueste-berg.de\/wp-content\/uploads\/2023\/08\/Wanderkino-Plakat_web-300x426.jpg 300w, https:\/\/wal-wueste-berg.de\/wp-content\/uploads\/2023\/08\/Wanderkino-Plakat_web-850x1206.jpg 850w, https:\/\/wal-wueste-berg.de\/wp-content\/uploads\/2023\/08\/Wanderkino-Plakat_web.jpg 1000w\" sizes=\"auto, (max-width: 722px) 100vw, 722px\" \/><\/figure>\n","protected":false},"excerpt":{"rendered":"<p>Liebe Pilgerfreunde, ich hoffe ihr hattet einen sch\u00f6nen Sommer und konntet vielleicht sogar auf Pilgerwegen unterwegs sein. Ich selbst habe den Franziskusweg in Italien vollendet und bin nach ca. 650 Kilometern in Rom angekommen. Es war ziemlich herausfordernd, weil hei\u00df und bergig, aber ich habe es geschafft und damit nach Santiago de Compostela nun das&#8230;<\/p>\n","protected":false},"author":1,"featured_media":0,"parent":361,"menu_order":0,"comment_status":"closed","ping_status":"closed","template":"","meta":{"footnotes":""},"class_list":["post-364","page","type-page","status-publish","hentry"],"_links":{"self":[{"href":"https:\/\/wal-wueste-berg.de\/index.php?rest_route=\/wp\/v2\/pages\/364","targetHints":{"allow":["GET"]}}],"collection":[{"href":"https:\/\/wal-wueste-berg.de\/index.php?rest_route=\/wp\/v2\/pages"}],"about":[{"href":"https:\/\/wal-wueste-berg.de\/index.php?rest_route=\/wp\/v2\/types\/page"}],"author":[{"embeddable":true,"href":"https:\/\/wal-wueste-berg.de\/index.php?rest_route=\/wp\/v2\/users\/1"}],"replies":[{"embeddable":true,"href":"https:\/\/wal-wueste-berg.de\/index.php?rest_route=%2Fwp%2Fv2%2Fcomments&post=364"}],"version-history":[{"count":2,"href":"https:\/\/wal-wueste-berg.de\/index.php?rest_route=\/wp\/v2\/pages\/364\/revisions"}],"predecessor-version":[{"id":367,"href":"https:\/\/wal-wueste-berg.de\/index.php?rest_route=\/wp\/v2\/pages\/364\/revisions\/367"}],"up":[{"embeddable":true,"href":"https:\/\/wal-wueste-berg.de\/index.php?rest_route=\/wp\/v2\/pages\/361"}],"wp:attachment":[{"href":"https:\/\/wal-wueste-berg.de\/index.php?rest_route=%2Fwp%2Fv2%2Fmedia&parent=364"}],"curies":[{"name":"wp","href":"https:\/\/api.w.org\/{rel}","templated":true}]}}